{"id":6028,"date":"2017-03-24T14:15:40","date_gmt":"2017-03-24T14:15:40","guid":{"rendered":"http:\/\/www.helst.fi\/?post_type=portfolio&#038;p=4079"},"modified":"2021-09-07T10:53:47","modified_gmt":"2021-09-07T10:53:47","slug":"ltu-kontorsbyggnad","status":"publish","type":"portfolio","link":"https:\/\/www.helst.fi\/en\/portfolio\/ltu-kontorsbyggnad\/","title":{"rendered":"LTU kontorsbyggnad"},"content":{"rendered":"<p id=\"tw-target-text\" class=\"tw-data-text tw-text-large XcVN5d tw-ta\" dir=\"ltr\" data-placeholder=\"K\u00e4\u00e4nn\u00f6s\"><span class=\"Y2IQFc\" lang=\"sv\">En modern industribyggnad utformad f\u00f6r att fungera som huvudkontor och stock f\u00f6r ett starkt v\u00e4xande f\u00f6retag inom byggkonstruktion. <\/span><\/p>\n<p class=\"tw-data-text tw-text-large XcVN5d tw-ta\" dir=\"ltr\" data-placeholder=\"K\u00e4\u00e4nn\u00f6s\"><span class=\"Y2IQFc\" lang=\"sv\">Byggnaden har en funktionell avdelning med f\u00f6rvaringsm\u00f6jligheter p\u00e5 bottenv\u00e5ningen, p\u00e5 vilken kontorsgolvet ligger. Kontoret \u00e4r uppdelat av glasv\u00e4ggar som ger en \u00f6ppen och flexibel arbetsmilj\u00f6 inklusive kontorsrum, \u00f6ppet arbetsutrymme, m\u00f6tesrum och sociala faciliteter. En rymlig terrass ligger intill kontorsgolvet. Fasaderna best\u00e5r av tv\u00e5 huvudmaterial; halvl\u00f6sa svarta <em>Paroc Delign<\/em>-element delvis kl\u00e4dda med gr\u00e5 <em>Equitone<\/em>-fiberbetongskivor.<\/span><\/p>\n<p>&nbsp;<\/p>\n<p class=\"tw-data-text tw-text-large XcVN5d tw-ta\" dir=\"ltr\" data-placeholder=\"K\u00e4\u00e4nn\u00f6s\"><span class=\"Y2IQFc\" lang=\"sv\"><strong>Nominerad som en av sex finalister till arkitektpriset Keh\u00e4kukka i Vanda 2019.<\/strong><\/span><\/p>\n<p><a href=\"https:\/\/www.vantaa.fi\/kehakukka\">https:\/\/www.vantaa.fi\/kehakukka<\/a><\/p>\n<p>Presentation av finalisterna:<\/p>\n<p><a href=\"https:\/\/www.vantaa.fi\/instancedata\/prime_product_julkaisu\/vantaa\/embeds\/vantaawwwstructure\/144353_kaupsu_arkkitehtuuripaiva2019_kehakukkaehdokkaat_22032019.pdf\">Keh\u00e4kukka-finalistit<\/a><\/p>\n<p>&nbsp;<\/p>\n<ul>\n<li>Stad &#8211; Vanda<\/li>\n<li>kund &#8211; LTU Urakointi Oy<\/li>\n<li>Status &#8211; F\u00e4rdig Juni 2018<\/li>\n<li>Storlek &#8211; 970\u00a0 m\u00b2<\/li>\n<\/ul>\n","protected":false},"excerpt":{"rendered":"<p>En modern industribyggnad utformad f\u00f6r att fungera som huvudkontor och stock f\u00f6r ett starkt v\u00e4xande f\u00f6retag inom byggkonstruktion. Byggnaden har en funktionell avdelning med f\u00f6rvaringsm\u00f6jligheter p\u00e5 bottenv\u00e5ningen, p\u00e5 vilken kontorsgolvet ligger. Kontoret \u00e4r uppdelat av glasv\u00e4ggar som ger en \u00f6ppen och flexibel arbetsmilj\u00f6 inklusive kontorsrum, \u00f6ppet arbetsutrymme, m\u00f6tesrum och sociala faciliteter. En rymlig terrass ligger&hellip;<\/p>\n","protected":false},"author":2,"featured_media":6046,"comment_status":"closed","ping_status":"closed","template":"","meta":{"_acf_changed":false,"footnotes":""},"portfolio_category":[364,382],"portfolio_tag":[],"class_list":["post-6028","portfolio","type-portfolio","status-publish","has-post-thumbnail","hentry","portfolio_category-inredning","portfolio_category-kontor"],"acf":[],"yoast_head":"<!-- This site is optimized with the Yoast SEO plugin v27.4 - https:\/\/yoast.com\/product\/yoast-seo-wordpress\/ -->\n<title>LTU kontorsbyggnad - HELST<\/title>\n<meta name=\"robots\" content=\"index, follow, max-snippet:-1, max-image-preview:large, max-video-preview:-1\" \/>\n<link rel=\"canonical\" href=\"https:\/\/www.helst.fi\/en\/portfolio\/ltu-kontorsbyggnad\/\" \/>\n<meta property=\"og:locale\" content=\"en_US\" \/>\n<meta property=\"og:type\" content=\"article\" \/>\n<meta property=\"og:title\" content=\"LTU kontorsbyggnad - HELST\" \/>\n<meta property=\"og:description\" content=\"En modern industribyggnad utformad f\u00f6r att fungera som huvudkontor och stock f\u00f6r ett starkt v\u00e4xande f\u00f6retag inom byggkonstruktion. Byggnaden har en funktionell avdelning med f\u00f6rvaringsm\u00f6jligheter p\u00e5 bottenv\u00e5ningen, p\u00e5 vilken kontorsgolvet ligger. Kontoret \u00e4r uppdelat av glasv\u00e4ggar som ger en \u00f6ppen och flexibel arbetsmilj\u00f6 inklusive kontorsrum, \u00f6ppet arbetsutrymme, m\u00f6tesrum och sociala faciliteter. En rymlig terrass ligger&hellip;\" \/>\n<meta property=\"og:url\" content=\"https:\/\/www.helst.fi\/en\/portfolio\/ltu-kontorsbyggnad\/\" \/>\n<meta property=\"og:site_name\" content=\"HELST\" \/>\n<meta property=\"article:publisher\" content=\"https:\/\/www.facebook.com\/helst.architects\" \/>\n<meta property=\"article:modified_time\" content=\"2021-09-07T10:53:47+00:00\" \/>\n<meta property=\"og:image\" content=\"https:\/\/www.helst.fi\/en\/wp-content\/uploads\/2017\/03\/kansi_1.gif\" \/>\n\t<meta property=\"og:image:width\" content=\"768\" \/>\n\t<meta property=\"og:image:height\" content=\"768\" \/>\n\t<meta property=\"og:image:type\" content=\"image\/gif\" \/>\n<meta name=\"twitter:card\" content=\"summary_large_image\" \/>\n<meta name=\"twitter:label1\" content=\"Est. reading time\" \/>\n\t<meta name=\"twitter:data1\" content=\"1 minute\" \/>\n<script type=\"application\/ld+json\" class=\"yoast-schema-graph\">{\"@context\":\"https:\\\/\\\/schema.org\",\"@graph\":[{\"@type\":\"WebPage\",\"@id\":\"https:\\\/\\\/www.helst.fi\\\/en\\\/portfolio\\\/ltu-kontorsbyggnad\\\/\",\"url\":\"https:\\\/\\\/www.helst.fi\\\/en\\\/portfolio\\\/ltu-kontorsbyggnad\\\/\",\"name\":\"LTU kontorsbyggnad - HELST\",\"isPartOf\":{\"@id\":\"https:\\\/\\\/www.helst.fi\\\/en\\\/etusivu\\\/#website\"},\"primaryImageOfPage\":{\"@id\":\"https:\\\/\\\/www.helst.fi\\\/en\\\/portfolio\\\/ltu-kontorsbyggnad\\\/#primaryimage\"},\"image\":{\"@id\":\"https:\\\/\\\/www.helst.fi\\\/en\\\/portfolio\\\/ltu-kontorsbyggnad\\\/#primaryimage\"},\"thumbnailUrl\":\"https:\\\/\\\/www.helst.fi\\\/en\\\/wp-content\\\/uploads\\\/2017\\\/03\\\/kansi_1.gif\",\"datePublished\":\"2017-03-24T14:15:40+00:00\",\"dateModified\":\"2021-09-07T10:53:47+00:00\",\"breadcrumb\":{\"@id\":\"https:\\\/\\\/www.helst.fi\\\/en\\\/portfolio\\\/ltu-kontorsbyggnad\\\/#breadcrumb\"},\"inLanguage\":\"en\",\"potentialAction\":[{\"@type\":\"ReadAction\",\"target\":[\"https:\\\/\\\/www.helst.fi\\\/en\\\/portfolio\\\/ltu-kontorsbyggnad\\\/\"]}]},{\"@type\":\"ImageObject\",\"inLanguage\":\"en\",\"@id\":\"https:\\\/\\\/www.helst.fi\\\/en\\\/portfolio\\\/ltu-kontorsbyggnad\\\/#primaryimage\",\"url\":\"https:\\\/\\\/www.helst.fi\\\/en\\\/wp-content\\\/uploads\\\/2017\\\/03\\\/kansi_1.gif\",\"contentUrl\":\"https:\\\/\\\/www.helst.fi\\\/en\\\/wp-content\\\/uploads\\\/2017\\\/03\\\/kansi_1.gif\",\"width\":768,\"height\":768},{\"@type\":\"BreadcrumbList\",\"@id\":\"https:\\\/\\\/www.helst.fi\\\/en\\\/portfolio\\\/ltu-kontorsbyggnad\\\/#breadcrumb\",\"itemListElement\":[{\"@type\":\"ListItem\",\"position\":1,\"name\":\"Home\",\"item\":\"https:\\\/\\\/www.helst.fi\\\/en\\\/\"},{\"@type\":\"ListItem\",\"position\":2,\"name\":\"Portfolio\",\"item\":\"https:\\\/\\\/www.helst.fi\\\/en\\\/portfolio\\\/\"},{\"@type\":\"ListItem\",\"position\":3,\"name\":\"LTU kontorsbyggnad\"}]},{\"@type\":\"WebSite\",\"@id\":\"https:\\\/\\\/www.helst.fi\\\/en\\\/etusivu\\\/#website\",\"url\":\"https:\\\/\\\/www.helst.fi\\\/en\\\/etusivu\\\/\",\"name\":\"HELST\",\"description\":\"Arkkitehdit\",\"publisher\":{\"@id\":\"https:\\\/\\\/www.helst.fi\\\/en\\\/etusivu\\\/#organization\"},\"potentialAction\":[{\"@type\":\"SearchAction\",\"target\":{\"@type\":\"EntryPoint\",\"urlTemplate\":\"https:\\\/\\\/www.helst.fi\\\/en\\\/etusivu\\\/?s={search_term_string}\"},\"query-input\":{\"@type\":\"PropertyValueSpecification\",\"valueRequired\":true,\"valueName\":\"search_term_string\"}}],\"inLanguage\":\"en\"},{\"@type\":\"Organization\",\"@id\":\"https:\\\/\\\/www.helst.fi\\\/en\\\/etusivu\\\/#organization\",\"name\":\"HELST\",\"url\":\"https:\\\/\\\/www.helst.fi\\\/en\\\/etusivu\\\/\",\"logo\":{\"@type\":\"ImageObject\",\"inLanguage\":\"en\",\"@id\":\"https:\\\/\\\/www.helst.fi\\\/en\\\/etusivu\\\/#\\\/schema\\\/logo\\\/image\\\/\",\"url\":\"https:\\\/\\\/www.helst.fi\\\/en\\\/wp-content\\\/uploads\\\/2024\\\/11\\\/HELST_logo_rasterikartta-scaled.jpg\",\"contentUrl\":\"https:\\\/\\\/www.helst.fi\\\/en\\\/wp-content\\\/uploads\\\/2024\\\/11\\\/HELST_logo_rasterikartta-scaled.jpg\",\"width\":2560,\"height\":1067,\"caption\":\"HELST\"},\"image\":{\"@id\":\"https:\\\/\\\/www.helst.fi\\\/en\\\/etusivu\\\/#\\\/schema\\\/logo\\\/image\\\/\"},\"sameAs\":[\"https:\\\/\\\/www.facebook.com\\\/helst.architects\",\"https:\\\/\\\/www.instagram.com\\\/helst_architects\\\/\"]}]}<\/script>\n<!-- \/ Yoast SEO plugin. -->","yoast_head_json":{"title":"LTU kontorsbyggnad - HELST","robots":{"index":"index","follow":"follow","max-snippet":"max-snippet:-1","max-image-preview":"max-image-preview:large","max-video-preview":"max-video-preview:-1"},"canonical":"https:\/\/www.helst.fi\/en\/portfolio\/ltu-kontorsbyggnad\/","og_locale":"en_US","og_type":"article","og_title":"LTU kontorsbyggnad - HELST","og_description":"En modern industribyggnad utformad f\u00f6r att fungera som huvudkontor och stock f\u00f6r ett starkt v\u00e4xande f\u00f6retag inom byggkonstruktion. Byggnaden har en funktionell avdelning med f\u00f6rvaringsm\u00f6jligheter p\u00e5 bottenv\u00e5ningen, p\u00e5 vilken kontorsgolvet ligger. Kontoret \u00e4r uppdelat av glasv\u00e4ggar som ger en \u00f6ppen och flexibel arbetsmilj\u00f6 inklusive kontorsrum, \u00f6ppet arbetsutrymme, m\u00f6tesrum och sociala faciliteter. En rymlig terrass ligger&hellip;","og_url":"https:\/\/www.helst.fi\/en\/portfolio\/ltu-kontorsbyggnad\/","og_site_name":"HELST","article_publisher":"https:\/\/www.facebook.com\/helst.architects","article_modified_time":"2021-09-07T10:53:47+00:00","og_image":[{"width":768,"height":768,"url":"https:\/\/www.helst.fi\/en\/wp-content\/uploads\/2017\/03\/kansi_1.gif","type":"image\/gif"}],"twitter_card":"summary_large_image","twitter_misc":{"Est. reading time":"1 minute"},"schema":{"@context":"https:\/\/schema.org","@graph":[{"@type":"WebPage","@id":"https:\/\/www.helst.fi\/en\/portfolio\/ltu-kontorsbyggnad\/","url":"https:\/\/www.helst.fi\/en\/portfolio\/ltu-kontorsbyggnad\/","name":"LTU kontorsbyggnad - HELST","isPartOf":{"@id":"https:\/\/www.helst.fi\/en\/etusivu\/#website"},"primaryImageOfPage":{"@id":"https:\/\/www.helst.fi\/en\/portfolio\/ltu-kontorsbyggnad\/#primaryimage"},"image":{"@id":"https:\/\/www.helst.fi\/en\/portfolio\/ltu-kontorsbyggnad\/#primaryimage"},"thumbnailUrl":"https:\/\/www.helst.fi\/en\/wp-content\/uploads\/2017\/03\/kansi_1.gif","datePublished":"2017-03-24T14:15:40+00:00","dateModified":"2021-09-07T10:53:47+00:00","breadcrumb":{"@id":"https:\/\/www.helst.fi\/en\/portfolio\/ltu-kontorsbyggnad\/#breadcrumb"},"inLanguage":"en","potentialAction":[{"@type":"ReadAction","target":["https:\/\/www.helst.fi\/en\/portfolio\/ltu-kontorsbyggnad\/"]}]},{"@type":"ImageObject","inLanguage":"en","@id":"https:\/\/www.helst.fi\/en\/portfolio\/ltu-kontorsbyggnad\/#primaryimage","url":"https:\/\/www.helst.fi\/en\/wp-content\/uploads\/2017\/03\/kansi_1.gif","contentUrl":"https:\/\/www.helst.fi\/en\/wp-content\/uploads\/2017\/03\/kansi_1.gif","width":768,"height":768},{"@type":"BreadcrumbList","@id":"https:\/\/www.helst.fi\/en\/portfolio\/ltu-kontorsbyggnad\/#breadcrumb","itemListElement":[{"@type":"ListItem","position":1,"name":"Home","item":"https:\/\/www.helst.fi\/en\/"},{"@type":"ListItem","position":2,"name":"Portfolio","item":"https:\/\/www.helst.fi\/en\/portfolio\/"},{"@type":"ListItem","position":3,"name":"LTU kontorsbyggnad"}]},{"@type":"WebSite","@id":"https:\/\/www.helst.fi\/en\/etusivu\/#website","url":"https:\/\/www.helst.fi\/en\/etusivu\/","name":"HELST","description":"Arkkitehdit","publisher":{"@id":"https:\/\/www.helst.fi\/en\/etusivu\/#organization"},"potentialAction":[{"@type":"SearchAction","target":{"@type":"EntryPoint","urlTemplate":"https:\/\/www.helst.fi\/en\/etusivu\/?s={search_term_string}"},"query-input":{"@type":"PropertyValueSpecification","valueRequired":true,"valueName":"search_term_string"}}],"inLanguage":"en"},{"@type":"Organization","@id":"https:\/\/www.helst.fi\/en\/etusivu\/#organization","name":"HELST","url":"https:\/\/www.helst.fi\/en\/etusivu\/","logo":{"@type":"ImageObject","inLanguage":"en","@id":"https:\/\/www.helst.fi\/en\/etusivu\/#\/schema\/logo\/image\/","url":"https:\/\/www.helst.fi\/en\/wp-content\/uploads\/2024\/11\/HELST_logo_rasterikartta-scaled.jpg","contentUrl":"https:\/\/www.helst.fi\/en\/wp-content\/uploads\/2024\/11\/HELST_logo_rasterikartta-scaled.jpg","width":2560,"height":1067,"caption":"HELST"},"image":{"@id":"https:\/\/www.helst.fi\/en\/etusivu\/#\/schema\/logo\/image\/"},"sameAs":["https:\/\/www.facebook.com\/helst.architects","https:\/\/www.instagram.com\/helst_architects\/"]}]}},"lang":"sv","translations":{"fi":6009,"sv":6028},"pll_sync_post":[],"_links":{"self":[{"href":"https:\/\/www.helst.fi\/en\/wp-json\/wp\/v2\/portfolio\/6028","targetHints":{"allow":["GET"]}}],"collection":[{"href":"https:\/\/www.helst.fi\/en\/wp-json\/wp\/v2\/portfolio"}],"about":[{"href":"https:\/\/www.helst.fi\/en\/wp-json\/wp\/v2\/types\/portfolio"}],"author":[{"embeddable":true,"href":"https:\/\/www.helst.fi\/en\/wp-json\/wp\/v2\/users\/2"}],"replies":[{"embeddable":true,"href":"https:\/\/www.helst.fi\/en\/wp-json\/wp\/v2\/comments?post=6028"}],"version-history":[{"count":7,"href":"https:\/\/www.helst.fi\/en\/wp-json\/wp\/v2\/portfolio\/6028\/revisions"}],"predecessor-version":[{"id":7174,"href":"https:\/\/www.helst.fi\/en\/wp-json\/wp\/v2\/portfolio\/6028\/revisions\/7174"}],"wp:featuredmedia":[{"embeddable":true,"href":"https:\/\/www.helst.fi\/en\/wp-json\/wp\/v2\/media\/6046"}],"wp:attachment":[{"href":"https:\/\/www.helst.fi\/en\/wp-json\/wp\/v2\/media?parent=6028"}],"wp:term":[{"taxonomy":"portfolio_category","embeddable":true,"href":"https:\/\/www.helst.fi\/en\/wp-json\/wp\/v2\/portfolio_category?post=6028"},{"taxonomy":"portfolio_tag","embeddable":true,"href":"https:\/\/www.helst.fi\/en\/wp-json\/wp\/v2\/portfolio_tag?post=6028"}],"curies":[{"name":"wp","href":"https:\/\/api.w.org\/{rel}","templated":true}]}}