{"id":6916,"date":"2021-06-30T12:15:54","date_gmt":"2021-06-30T12:15:54","guid":{"rendered":"https:\/\/www.helst.fi\/en\/?post_type=portfolio&#038;p=6897"},"modified":"2021-12-16T12:29:09","modified_gmt":"2021-12-16T12:29:09","slug":"loft-lagenheter-lovisa","status":"publish","type":"portfolio","link":"https:\/\/www.helst.fi\/en\/portfolio\/loft-lagenheter-lovisa\/","title":{"rendered":"Loftl\u00e4genheter, Lovisa"},"content":{"rendered":"<p>Det gamla tryckeriet i Lovisa f\u00e5r nytt liv och byggs om till l\u00e4genheter.<\/p>\n<p>&nbsp;<\/p>\n<p>&nbsp;<\/p>\n<p>Den gamla industrifastigheten p\u00e5 Tullgatan i Lovisa byggs om till moderna loftl\u00e4genheter med egna terrasser och stora f\u00f6nster. Ett boende f\u00f6r den som vill bo i l\u00e4genhet men samtidigt \u00f6nskar n\u00e5got mer. P\u00e5 taket byggs en stor takterass f\u00f6r urbanodling, grillkv\u00e4llar samt bastu och bubbelbad.<\/p>\n<p>&nbsp;<\/p>\n<p>&nbsp;<\/p>\n<p>Projektet har fr\u00e5n start planerats f\u00f6r minsta m\u00f6jliga koldioxidutsl\u00e4pp genom att \u00e5teranv\u00e4nda befintliga konstruktioner, anv\u00e4nda naturbetong, nya konstruktioner i tr\u00e4 samt d\u00e4r det \u00e4r m\u00f6jligt \u00e5teranv\u00e4ndning av material.<\/p>\n<p>&nbsp;<\/p>\n<ul>\n<li>Stad &#8211; Lovisa<\/li>\n<li>Byggherre &#8211; Investerare<\/li>\n<li>Status &#8211; Under planering<\/li>\n<li>Storlek &#8211; 900m2<\/li>\n<\/ul>\n","protected":false},"excerpt":{"rendered":"<p>Det gamla tryckeriet i Lovisa f\u00e5r nytt liv och byggs om till l\u00e4genheter. &nbsp; &nbsp; Den gamla industrifastigheten p\u00e5 Tullgatan i Lovisa byggs om till moderna loftl\u00e4genheter med egna terrasser och stora f\u00f6nster. Ett boende f\u00f6r den som vill bo i l\u00e4genhet men samtidigt \u00f6nskar n\u00e5got mer. P\u00e5 taket byggs en stor takterass f\u00f6r urbanodling,&hellip;<\/p>\n","protected":false},"author":1,"featured_media":6922,"comment_status":"open","ping_status":"closed","template":"","meta":{"_acf_changed":false,"footnotes":""},"portfolio_category":[359,377],"portfolio_tag":[],"class_list":["post-6916","portfolio","type-portfolio","status-publish","has-post-thumbnail","hentry","portfolio_category-bostader","portfolio_category-renovering"],"acf":[],"yoast_head":"<!-- This site is optimized with the Yoast SEO plugin v27.4 - https:\/\/yoast.com\/product\/yoast-seo-wordpress\/ -->\n<title>Loftl\u00e4genheter, Lovisa - HELST<\/title>\n<meta name=\"description\" content=\"HELST planerar nya loftl\u00e4genheter i Lovisa. H\u00e5llbar design och \u00e5teranv\u00e4ndning av material har varit en r\u00f6d tr\u00e5d i designarbetet.\" \/>\n<meta name=\"robots\" content=\"index, follow, max-snippet:-1, max-image-preview:large, max-video-preview:-1\" \/>\n<link rel=\"canonical\" href=\"https:\/\/www.helst.fi\/en\/portfolio\/loft-lagenheter-lovisa\/\" \/>\n<meta property=\"og:locale\" content=\"en_US\" \/>\n<meta property=\"og:type\" content=\"article\" \/>\n<meta property=\"og:title\" content=\"Loftl\u00e4genheter, Lovisa - HELST\" \/>\n<meta property=\"og:description\" content=\"HELST planerar nya loftl\u00e4genheter i Lovisa. H\u00e5llbar design och \u00e5teranv\u00e4ndning av material har varit en r\u00f6d tr\u00e5d i designarbetet.\" \/>\n<meta property=\"og:url\" content=\"https:\/\/www.helst.fi\/en\/portfolio\/loft-lagenheter-lovisa\/\" \/>\n<meta property=\"og:site_name\" content=\"HELST\" \/>\n<meta property=\"article:publisher\" content=\"https:\/\/www.facebook.com\/helst.architects\" \/>\n<meta property=\"article:modified_time\" content=\"2021-12-16T12:29:09+00:00\" \/>\n<meta property=\"og:image\" content=\"https:\/\/www.helst.fi\/en\/wp-content\/uploads\/2021\/06\/OSTIS_FRAMSIDA_NY.gif\" \/>\n\t<meta property=\"og:image:width\" content=\"1500\" \/>\n\t<meta property=\"og:image:height\" content=\"1500\" \/>\n\t<meta property=\"og:image:type\" content=\"image\/gif\" \/>\n<meta name=\"twitter:card\" content=\"summary_large_image\" \/>\n<meta name=\"twitter:label1\" content=\"Est. reading time\" \/>\n\t<meta name=\"twitter:data1\" content=\"1 minute\" \/>\n<script type=\"application\/ld+json\" class=\"yoast-schema-graph\">{\"@context\":\"https:\\\/\\\/schema.org\",\"@graph\":[{\"@type\":\"WebPage\",\"@id\":\"https:\\\/\\\/www.helst.fi\\\/en\\\/portfolio\\\/loft-lagenheter-lovisa\\\/\",\"url\":\"https:\\\/\\\/www.helst.fi\\\/en\\\/portfolio\\\/loft-lagenheter-lovisa\\\/\",\"name\":\"Loftl\u00e4genheter, Lovisa - HELST\",\"isPartOf\":{\"@id\":\"https:\\\/\\\/www.helst.fi\\\/en\\\/etusivu\\\/#website\"},\"primaryImageOfPage\":{\"@id\":\"https:\\\/\\\/www.helst.fi\\\/en\\\/portfolio\\\/loft-lagenheter-lovisa\\\/#primaryimage\"},\"image\":{\"@id\":\"https:\\\/\\\/www.helst.fi\\\/en\\\/portfolio\\\/loft-lagenheter-lovisa\\\/#primaryimage\"},\"thumbnailUrl\":\"https:\\\/\\\/www.helst.fi\\\/en\\\/wp-content\\\/uploads\\\/2021\\\/06\\\/OSTIS_FRAMSIDA_NY.gif\",\"datePublished\":\"2021-06-30T12:15:54+00:00\",\"dateModified\":\"2021-12-16T12:29:09+00:00\",\"description\":\"HELST planerar nya loftl\u00e4genheter i Lovisa. H\u00e5llbar design och \u00e5teranv\u00e4ndning av material har varit en r\u00f6d tr\u00e5d i designarbetet.\",\"breadcrumb\":{\"@id\":\"https:\\\/\\\/www.helst.fi\\\/en\\\/portfolio\\\/loft-lagenheter-lovisa\\\/#breadcrumb\"},\"inLanguage\":\"en\",\"potentialAction\":[{\"@type\":\"ReadAction\",\"target\":[\"https:\\\/\\\/www.helst.fi\\\/en\\\/portfolio\\\/loft-lagenheter-lovisa\\\/\"]}]},{\"@type\":\"ImageObject\",\"inLanguage\":\"en\",\"@id\":\"https:\\\/\\\/www.helst.fi\\\/en\\\/portfolio\\\/loft-lagenheter-lovisa\\\/#primaryimage\",\"url\":\"https:\\\/\\\/www.helst.fi\\\/en\\\/wp-content\\\/uploads\\\/2021\\\/06\\\/OSTIS_FRAMSIDA_NY.gif\",\"contentUrl\":\"https:\\\/\\\/www.helst.fi\\\/en\\\/wp-content\\\/uploads\\\/2021\\\/06\\\/OSTIS_FRAMSIDA_NY.gif\",\"width\":1500,\"height\":1500},{\"@type\":\"BreadcrumbList\",\"@id\":\"https:\\\/\\\/www.helst.fi\\\/en\\\/portfolio\\\/loft-lagenheter-lovisa\\\/#breadcrumb\",\"itemListElement\":[{\"@type\":\"ListItem\",\"position\":1,\"name\":\"Home\",\"item\":\"https:\\\/\\\/www.helst.fi\\\/en\\\/\"},{\"@type\":\"ListItem\",\"position\":2,\"name\":\"Portfolio\",\"item\":\"https:\\\/\\\/www.helst.fi\\\/en\\\/portfolio\\\/\"},{\"@type\":\"ListItem\",\"position\":3,\"name\":\"Loftl\u00e4genheter, Lovisa\"}]},{\"@type\":\"WebSite\",\"@id\":\"https:\\\/\\\/www.helst.fi\\\/en\\\/etusivu\\\/#website\",\"url\":\"https:\\\/\\\/www.helst.fi\\\/en\\\/etusivu\\\/\",\"name\":\"HELST\",\"description\":\"Arkkitehdit\",\"publisher\":{\"@id\":\"https:\\\/\\\/www.helst.fi\\\/en\\\/etusivu\\\/#organization\"},\"potentialAction\":[{\"@type\":\"SearchAction\",\"target\":{\"@type\":\"EntryPoint\",\"urlTemplate\":\"https:\\\/\\\/www.helst.fi\\\/en\\\/etusivu\\\/?s={search_term_string}\"},\"query-input\":{\"@type\":\"PropertyValueSpecification\",\"valueRequired\":true,\"valueName\":\"search_term_string\"}}],\"inLanguage\":\"en\"},{\"@type\":\"Organization\",\"@id\":\"https:\\\/\\\/www.helst.fi\\\/en\\\/etusivu\\\/#organization\",\"name\":\"HELST\",\"url\":\"https:\\\/\\\/www.helst.fi\\\/en\\\/etusivu\\\/\",\"logo\":{\"@type\":\"ImageObject\",\"inLanguage\":\"en\",\"@id\":\"https:\\\/\\\/www.helst.fi\\\/en\\\/etusivu\\\/#\\\/schema\\\/logo\\\/image\\\/\",\"url\":\"https:\\\/\\\/www.helst.fi\\\/en\\\/wp-content\\\/uploads\\\/2024\\\/11\\\/HELST_logo_rasterikartta-scaled.jpg\",\"contentUrl\":\"https:\\\/\\\/www.helst.fi\\\/en\\\/wp-content\\\/uploads\\\/2024\\\/11\\\/HELST_logo_rasterikartta-scaled.jpg\",\"width\":2560,\"height\":1067,\"caption\":\"HELST\"},\"image\":{\"@id\":\"https:\\\/\\\/www.helst.fi\\\/en\\\/etusivu\\\/#\\\/schema\\\/logo\\\/image\\\/\"},\"sameAs\":[\"https:\\\/\\\/www.facebook.com\\\/helst.architects\",\"https:\\\/\\\/www.instagram.com\\\/helst_architects\\\/\"]}]}<\/script>\n<!-- \/ Yoast SEO plugin. -->","yoast_head_json":{"title":"Loftl\u00e4genheter, Lovisa - HELST","description":"HELST planerar nya loftl\u00e4genheter i Lovisa. H\u00e5llbar design och \u00e5teranv\u00e4ndning av material har varit en r\u00f6d tr\u00e5d i designarbetet.","robots":{"index":"index","follow":"follow","max-snippet":"max-snippet:-1","max-image-preview":"max-image-preview:large","max-video-preview":"max-video-preview:-1"},"canonical":"https:\/\/www.helst.fi\/en\/portfolio\/loft-lagenheter-lovisa\/","og_locale":"en_US","og_type":"article","og_title":"Loftl\u00e4genheter, Lovisa - HELST","og_description":"HELST planerar nya loftl\u00e4genheter i Lovisa. H\u00e5llbar design och \u00e5teranv\u00e4ndning av material har varit en r\u00f6d tr\u00e5d i designarbetet.","og_url":"https:\/\/www.helst.fi\/en\/portfolio\/loft-lagenheter-lovisa\/","og_site_name":"HELST","article_publisher":"https:\/\/www.facebook.com\/helst.architects","article_modified_time":"2021-12-16T12:29:09+00:00","og_image":[{"width":1500,"height":1500,"url":"https:\/\/www.helst.fi\/en\/wp-content\/uploads\/2021\/06\/OSTIS_FRAMSIDA_NY.gif","type":"image\/gif"}],"twitter_card":"summary_large_image","twitter_misc":{"Est. reading time":"1 minute"},"schema":{"@context":"https:\/\/schema.org","@graph":[{"@type":"WebPage","@id":"https:\/\/www.helst.fi\/en\/portfolio\/loft-lagenheter-lovisa\/","url":"https:\/\/www.helst.fi\/en\/portfolio\/loft-lagenheter-lovisa\/","name":"Loftl\u00e4genheter, Lovisa - HELST","isPartOf":{"@id":"https:\/\/www.helst.fi\/en\/etusivu\/#website"},"primaryImageOfPage":{"@id":"https:\/\/www.helst.fi\/en\/portfolio\/loft-lagenheter-lovisa\/#primaryimage"},"image":{"@id":"https:\/\/www.helst.fi\/en\/portfolio\/loft-lagenheter-lovisa\/#primaryimage"},"thumbnailUrl":"https:\/\/www.helst.fi\/en\/wp-content\/uploads\/2021\/06\/OSTIS_FRAMSIDA_NY.gif","datePublished":"2021-06-30T12:15:54+00:00","dateModified":"2021-12-16T12:29:09+00:00","description":"HELST planerar nya loftl\u00e4genheter i Lovisa. H\u00e5llbar design och \u00e5teranv\u00e4ndning av material har varit en r\u00f6d tr\u00e5d i designarbetet.","breadcrumb":{"@id":"https:\/\/www.helst.fi\/en\/portfolio\/loft-lagenheter-lovisa\/#breadcrumb"},"inLanguage":"en","potentialAction":[{"@type":"ReadAction","target":["https:\/\/www.helst.fi\/en\/portfolio\/loft-lagenheter-lovisa\/"]}]},{"@type":"ImageObject","inLanguage":"en","@id":"https:\/\/www.helst.fi\/en\/portfolio\/loft-lagenheter-lovisa\/#primaryimage","url":"https:\/\/www.helst.fi\/en\/wp-content\/uploads\/2021\/06\/OSTIS_FRAMSIDA_NY.gif","contentUrl":"https:\/\/www.helst.fi\/en\/wp-content\/uploads\/2021\/06\/OSTIS_FRAMSIDA_NY.gif","width":1500,"height":1500},{"@type":"BreadcrumbList","@id":"https:\/\/www.helst.fi\/en\/portfolio\/loft-lagenheter-lovisa\/#breadcrumb","itemListElement":[{"@type":"ListItem","position":1,"name":"Home","item":"https:\/\/www.helst.fi\/en\/"},{"@type":"ListItem","position":2,"name":"Portfolio","item":"https:\/\/www.helst.fi\/en\/portfolio\/"},{"@type":"ListItem","position":3,"name":"Loftl\u00e4genheter, Lovisa"}]},{"@type":"WebSite","@id":"https:\/\/www.helst.fi\/en\/etusivu\/#website","url":"https:\/\/www.helst.fi\/en\/etusivu\/","name":"HELST","description":"Arkkitehdit","publisher":{"@id":"https:\/\/www.helst.fi\/en\/etusivu\/#organization"},"potentialAction":[{"@type":"SearchAction","target":{"@type":"EntryPoint","urlTemplate":"https:\/\/www.helst.fi\/en\/etusivu\/?s={search_term_string}"},"query-input":{"@type":"PropertyValueSpecification","valueRequired":true,"valueName":"search_term_string"}}],"inLanguage":"en"},{"@type":"Organization","@id":"https:\/\/www.helst.fi\/en\/etusivu\/#organization","name":"HELST","url":"https:\/\/www.helst.fi\/en\/etusivu\/","logo":{"@type":"ImageObject","inLanguage":"en","@id":"https:\/\/www.helst.fi\/en\/etusivu\/#\/schema\/logo\/image\/","url":"https:\/\/www.helst.fi\/en\/wp-content\/uploads\/2024\/11\/HELST_logo_rasterikartta-scaled.jpg","contentUrl":"https:\/\/www.helst.fi\/en\/wp-content\/uploads\/2024\/11\/HELST_logo_rasterikartta-scaled.jpg","width":2560,"height":1067,"caption":"HELST"},"image":{"@id":"https:\/\/www.helst.fi\/en\/etusivu\/#\/schema\/logo\/image\/"},"sameAs":["https:\/\/www.facebook.com\/helst.architects","https:\/\/www.instagram.com\/helst_architects\/"]}]}},"lang":"sv","translations":{"en":6897,"fi":6909,"sv":6916},"pll_sync_post":[],"_links":{"self":[{"href":"https:\/\/www.helst.fi\/en\/wp-json\/wp\/v2\/portfolio\/6916","targetHints":{"allow":["GET"]}}],"collection":[{"href":"https:\/\/www.helst.fi\/en\/wp-json\/wp\/v2\/portfolio"}],"about":[{"href":"https:\/\/www.helst.fi\/en\/wp-json\/wp\/v2\/types\/portfolio"}],"author":[{"embeddable":true,"href":"https:\/\/www.helst.fi\/en\/wp-json\/wp\/v2\/users\/1"}],"replies":[{"embeddable":true,"href":"https:\/\/www.helst.fi\/en\/wp-json\/wp\/v2\/comments?post=6916"}],"version-history":[{"count":11,"href":"https:\/\/www.helst.fi\/en\/wp-json\/wp\/v2\/portfolio\/6916\/revisions"}],"predecessor-version":[{"id":8317,"href":"https:\/\/www.helst.fi\/en\/wp-json\/wp\/v2\/portfolio\/6916\/revisions\/8317"}],"wp:featuredmedia":[{"embeddable":true,"href":"https:\/\/www.helst.fi\/en\/wp-json\/wp\/v2\/media\/6922"}],"wp:attachment":[{"href":"https:\/\/www.helst.fi\/en\/wp-json\/wp\/v2\/media?parent=6916"}],"wp:term":[{"taxonomy":"portfolio_category","embeddable":true,"href":"https:\/\/www.helst.fi\/en\/wp-json\/wp\/v2\/portfolio_category?post=6916"},{"taxonomy":"portfolio_tag","embeddable":true,"href":"https:\/\/www.helst.fi\/en\/wp-json\/wp\/v2\/portfolio_tag?post=6916"}],"curies":[{"name":"wp","href":"https:\/\/api.w.org\/{rel}","templated":true}]}}