{"id":9531,"date":"2025-09-12T13:44:29","date_gmt":"2025-09-12T13:44:29","guid":{"rendered":"https:\/\/www.helst.fi\/en\/?post_type=portfolio&#038;p=9531"},"modified":"2025-09-12T13:45:33","modified_gmt":"2025-09-12T13:45:33","slug":"puukerrostalokortteli-kuninkaantammi-2-2","status":"publish","type":"portfolio","link":"https:\/\/www.helst.fi\/en\/portfolio\/puukerrostalokortteli-kuninkaantammi-2-2\/","title":{"rendered":"Tr\u00e4h\u00f6ghuskvarter Kuninkaantammi"},"content":{"rendered":"<div class=\"wpb-content-wrapper\"><p>[vc_row][vc_column][vc_column_text css=&#8221;&#8221;]<\/p>\n<p data-start=\"45\" data-end=\"70\"><strong data-start=\"45\" data-end=\"68\">T\u00e4vlingf\u00f6rslag 2019<\/strong><\/p>\n<p data-start=\"72\" data-end=\"439\">Ett kvarter med tr\u00e4h\u00f6ghus i Kuninkaantammi, Helsingfors. Byggnaderna \u00e4r f\u00e4rggranna och fasaderna \u00e4r uppdelade p\u00e5 ett s\u00e4tt som skapar en sm\u00e5skalig och trivsam stadsmilj\u00f6. I t\u00e4vlingsf\u00f6rslaget har \u00e4ven landskapsplaneringen beaktats noggrant. G\u00e5rdsomr\u00e5dena \u00e4r utformade med tanke p\u00e5 Finlands fyra \u00e5rstider, s\u00e5 att de fungerar och erbjuder n\u00e5got nytt under varje \u00e5rstid.<\/p>\n<p data-start=\"441\" data-end=\"685\">Byggnaderna \u00e4r sammansatta av tr\u00e4baserade ramsystem i form av rumsmoduler. Detta modul\u00e4ra system \u00e4r ett snabbt, kostnadseffektivt och s\u00e4kert s\u00e4tt att bygga flerv\u00e5ningshus i tr\u00e4, eftersom rumsmodulerna byggs och f\u00e4rdigst\u00e4lls p\u00e5 fabrik inomhus.<\/p>\n<p>&nbsp;<\/p>\n<p><strong>Design-team:<\/strong><\/p>\n<ul>\n<li><a href=\"http:\/\/www.helst.fi\/portfolio\/wooden-housing-block-in-kuninkaantammi-helsinki\/\">Helst Arkkitehdit<\/a><\/li>\n<li><a href=\"https:\/\/www.arkopen.fi\/\">ArkOpen Arkkitehdit<\/a><\/li>\n<li><a href=\"https:\/\/rendeko.fi\/\">Rendeko<\/a> (visualisering)<\/li>\n<\/ul>\n<p>&nbsp;<\/p>\n<p><strong>Partner:<\/strong><\/p>\n<p><a href=\"https:\/\/www.suomenpuukerrostalot.fi\">Suomen Puukerrostalot Oy<\/a><\/p>\n<p><a href=\"http:\/\/lindbacks.se\/\">Lindb\u00e4cks Ab<\/a><\/p>\n<p>&nbsp;<\/p>\n<ul>\n<li>Plats &#8211; Helsinki<\/li>\n<li>Kund &#8211; Suomen Puukerrostalot Oy<\/li>\n<li>Status &#8211; suunniteltu 2019<\/li>\n<li>Storlek &#8211; 9719\u00a0 m\u00b2<\/li>\n<\/ul>\n<p>[\/vc_column_text][\/vc_column][\/vc_row]<\/p>\n<\/div>","protected":false},"excerpt":{"rendered":"<p>[vc_row][vc_column][vc_column_text css=&#8221;&#8221;] T\u00e4vlingf\u00f6rslag 2019 Ett kvarter med tr\u00e4h\u00f6ghus i Kuninkaantammi, Helsingfors. Byggnaderna \u00e4r f\u00e4rggranna och fasaderna \u00e4r uppdelade p\u00e5 ett s\u00e4tt som skapar en sm\u00e5skalig och trivsam stadsmilj\u00f6. I t\u00e4vlingsf\u00f6rslaget har \u00e4ven landskapsplaneringen beaktats noggrant. G\u00e5rdsomr\u00e5dena \u00e4r utformade med tanke p\u00e5 Finlands fyra \u00e5rstider, s\u00e5 att de fungerar och erbjuder n\u00e5got nytt under varje \u00e5rstid.&hellip;<\/p>\n","protected":false},"author":1,"featured_media":5981,"comment_status":"open","ping_status":"closed","template":"","meta":{"_acf_changed":false,"footnotes":""},"portfolio_category":[359,392,588],"portfolio_tag":[],"class_list":["post-9531","portfolio","type-portfolio","status-publish","has-post-thumbnail","hentry","portfolio_category-bostader","portfolio_category-trahoghus","portfolio_category-stadsbild-sv"],"acf":[],"yoast_head":"<!-- This site is optimized with the Yoast SEO plugin v27.4 - https:\/\/yoast.com\/product\/yoast-seo-wordpress\/ -->\n<title>Tr\u00e4h\u00f6ghuskvarter Kuninkaantammi - HELST<\/title>\n<meta name=\"robots\" content=\"index, follow, max-snippet:-1, max-image-preview:large, max-video-preview:-1\" \/>\n<link rel=\"canonical\" href=\"https:\/\/www.helst.fi\/en\/portfolio\/puukerrostalokortteli-kuninkaantammi-2-2\/\" \/>\n<meta property=\"og:locale\" content=\"en_US\" \/>\n<meta property=\"og:type\" content=\"article\" \/>\n<meta property=\"og:title\" content=\"Tr\u00e4h\u00f6ghuskvarter Kuninkaantammi - HELST\" \/>\n<meta property=\"og:description\" content=\"[vc_row][vc_column][vc_column_text css=&#8221;&#8221;] T\u00e4vlingf\u00f6rslag 2019 Ett kvarter med tr\u00e4h\u00f6ghus i Kuninkaantammi, Helsingfors. Byggnaderna \u00e4r f\u00e4rggranna och fasaderna \u00e4r uppdelade p\u00e5 ett s\u00e4tt som skapar en sm\u00e5skalig och trivsam stadsmilj\u00f6. I t\u00e4vlingsf\u00f6rslaget har \u00e4ven landskapsplaneringen beaktats noggrant. G\u00e5rdsomr\u00e5dena \u00e4r utformade med tanke p\u00e5 Finlands fyra \u00e5rstider, s\u00e5 att de fungerar och erbjuder n\u00e5got nytt under varje \u00e5rstid.&hellip;\" \/>\n<meta property=\"og:url\" content=\"https:\/\/www.helst.fi\/en\/portfolio\/puukerrostalokortteli-kuninkaantammi-2-2\/\" \/>\n<meta property=\"og:site_name\" content=\"HELST\" \/>\n<meta property=\"article:publisher\" content=\"https:\/\/www.facebook.com\/helst.architects\" \/>\n<meta property=\"article:modified_time\" content=\"2025-09-12T13:45:33+00:00\" \/>\n<meta property=\"og:image\" content=\"https:\/\/www.helst.fi\/en\/wp-content\/uploads\/2020\/03\/Syksy-kansi.gif\" \/>\n\t<meta property=\"og:image:width\" content=\"1170\" \/>\n\t<meta property=\"og:image:height\" content=\"1170\" \/>\n\t<meta property=\"og:image:type\" content=\"image\/gif\" \/>\n<meta name=\"twitter:card\" content=\"summary_large_image\" \/>\n<meta name=\"twitter:label1\" content=\"Est. reading time\" \/>\n\t<meta name=\"twitter:data1\" content=\"1 minute\" \/>\n<script type=\"application\/ld+json\" class=\"yoast-schema-graph\">{\"@context\":\"https:\\\/\\\/schema.org\",\"@graph\":[{\"@type\":\"WebPage\",\"@id\":\"https:\\\/\\\/www.helst.fi\\\/en\\\/portfolio\\\/puukerrostalokortteli-kuninkaantammi-2-2\\\/\",\"url\":\"https:\\\/\\\/www.helst.fi\\\/en\\\/portfolio\\\/puukerrostalokortteli-kuninkaantammi-2-2\\\/\",\"name\":\"Tr\u00e4h\u00f6ghuskvarter Kuninkaantammi - HELST\",\"isPartOf\":{\"@id\":\"https:\\\/\\\/www.helst.fi\\\/en\\\/etusivu\\\/#website\"},\"primaryImageOfPage\":{\"@id\":\"https:\\\/\\\/www.helst.fi\\\/en\\\/portfolio\\\/puukerrostalokortteli-kuninkaantammi-2-2\\\/#primaryimage\"},\"image\":{\"@id\":\"https:\\\/\\\/www.helst.fi\\\/en\\\/portfolio\\\/puukerrostalokortteli-kuninkaantammi-2-2\\\/#primaryimage\"},\"thumbnailUrl\":\"https:\\\/\\\/www.helst.fi\\\/en\\\/wp-content\\\/uploads\\\/2020\\\/03\\\/Syksy-kansi.gif\",\"datePublished\":\"2025-09-12T13:44:29+00:00\",\"dateModified\":\"2025-09-12T13:45:33+00:00\",\"breadcrumb\":{\"@id\":\"https:\\\/\\\/www.helst.fi\\\/en\\\/portfolio\\\/puukerrostalokortteli-kuninkaantammi-2-2\\\/#breadcrumb\"},\"inLanguage\":\"en\",\"potentialAction\":[{\"@type\":\"ReadAction\",\"target\":[\"https:\\\/\\\/www.helst.fi\\\/en\\\/portfolio\\\/puukerrostalokortteli-kuninkaantammi-2-2\\\/\"]}]},{\"@type\":\"ImageObject\",\"inLanguage\":\"en\",\"@id\":\"https:\\\/\\\/www.helst.fi\\\/en\\\/portfolio\\\/puukerrostalokortteli-kuninkaantammi-2-2\\\/#primaryimage\",\"url\":\"https:\\\/\\\/www.helst.fi\\\/en\\\/wp-content\\\/uploads\\\/2020\\\/03\\\/Syksy-kansi.gif\",\"contentUrl\":\"https:\\\/\\\/www.helst.fi\\\/en\\\/wp-content\\\/uploads\\\/2020\\\/03\\\/Syksy-kansi.gif\",\"width\":1170,\"height\":1170},{\"@type\":\"BreadcrumbList\",\"@id\":\"https:\\\/\\\/www.helst.fi\\\/en\\\/portfolio\\\/puukerrostalokortteli-kuninkaantammi-2-2\\\/#breadcrumb\",\"itemListElement\":[{\"@type\":\"ListItem\",\"position\":1,\"name\":\"Home\",\"item\":\"https:\\\/\\\/www.helst.fi\\\/en\\\/\"},{\"@type\":\"ListItem\",\"position\":2,\"name\":\"Portfolio\",\"item\":\"https:\\\/\\\/www.helst.fi\\\/en\\\/portfolio\\\/\"},{\"@type\":\"ListItem\",\"position\":3,\"name\":\"Tr\u00e4h\u00f6ghuskvarter Kuninkaantammi\"}]},{\"@type\":\"WebSite\",\"@id\":\"https:\\\/\\\/www.helst.fi\\\/en\\\/etusivu\\\/#website\",\"url\":\"https:\\\/\\\/www.helst.fi\\\/en\\\/etusivu\\\/\",\"name\":\"HELST\",\"description\":\"Arkkitehdit\",\"publisher\":{\"@id\":\"https:\\\/\\\/www.helst.fi\\\/en\\\/etusivu\\\/#organization\"},\"potentialAction\":[{\"@type\":\"SearchAction\",\"target\":{\"@type\":\"EntryPoint\",\"urlTemplate\":\"https:\\\/\\\/www.helst.fi\\\/en\\\/etusivu\\\/?s={search_term_string}\"},\"query-input\":{\"@type\":\"PropertyValueSpecification\",\"valueRequired\":true,\"valueName\":\"search_term_string\"}}],\"inLanguage\":\"en\"},{\"@type\":\"Organization\",\"@id\":\"https:\\\/\\\/www.helst.fi\\\/en\\\/etusivu\\\/#organization\",\"name\":\"HELST\",\"url\":\"https:\\\/\\\/www.helst.fi\\\/en\\\/etusivu\\\/\",\"logo\":{\"@type\":\"ImageObject\",\"inLanguage\":\"en\",\"@id\":\"https:\\\/\\\/www.helst.fi\\\/en\\\/etusivu\\\/#\\\/schema\\\/logo\\\/image\\\/\",\"url\":\"https:\\\/\\\/www.helst.fi\\\/en\\\/wp-content\\\/uploads\\\/2024\\\/11\\\/HELST_logo_rasterikartta-scaled.jpg\",\"contentUrl\":\"https:\\\/\\\/www.helst.fi\\\/en\\\/wp-content\\\/uploads\\\/2024\\\/11\\\/HELST_logo_rasterikartta-scaled.jpg\",\"width\":2560,\"height\":1067,\"caption\":\"HELST\"},\"image\":{\"@id\":\"https:\\\/\\\/www.helst.fi\\\/en\\\/etusivu\\\/#\\\/schema\\\/logo\\\/image\\\/\"},\"sameAs\":[\"https:\\\/\\\/www.facebook.com\\\/helst.architects\",\"https:\\\/\\\/www.instagram.com\\\/helst_architects\\\/\"]}]}<\/script>\n<!-- \/ Yoast SEO plugin. -->","yoast_head_json":{"title":"Tr\u00e4h\u00f6ghuskvarter Kuninkaantammi - HELST","robots":{"index":"index","follow":"follow","max-snippet":"max-snippet:-1","max-image-preview":"max-image-preview:large","max-video-preview":"max-video-preview:-1"},"canonical":"https:\/\/www.helst.fi\/en\/portfolio\/puukerrostalokortteli-kuninkaantammi-2-2\/","og_locale":"en_US","og_type":"article","og_title":"Tr\u00e4h\u00f6ghuskvarter Kuninkaantammi - HELST","og_description":"[vc_row][vc_column][vc_column_text css=&#8221;&#8221;] T\u00e4vlingf\u00f6rslag 2019 Ett kvarter med tr\u00e4h\u00f6ghus i Kuninkaantammi, Helsingfors. Byggnaderna \u00e4r f\u00e4rggranna och fasaderna \u00e4r uppdelade p\u00e5 ett s\u00e4tt som skapar en sm\u00e5skalig och trivsam stadsmilj\u00f6. I t\u00e4vlingsf\u00f6rslaget har \u00e4ven landskapsplaneringen beaktats noggrant. G\u00e5rdsomr\u00e5dena \u00e4r utformade med tanke p\u00e5 Finlands fyra \u00e5rstider, s\u00e5 att de fungerar och erbjuder n\u00e5got nytt under varje \u00e5rstid.&hellip;","og_url":"https:\/\/www.helst.fi\/en\/portfolio\/puukerrostalokortteli-kuninkaantammi-2-2\/","og_site_name":"HELST","article_publisher":"https:\/\/www.facebook.com\/helst.architects","article_modified_time":"2025-09-12T13:45:33+00:00","og_image":[{"width":1170,"height":1170,"url":"https:\/\/www.helst.fi\/en\/wp-content\/uploads\/2020\/03\/Syksy-kansi.gif","type":"image\/gif"}],"twitter_card":"summary_large_image","twitter_misc":{"Est. reading time":"1 minute"},"schema":{"@context":"https:\/\/schema.org","@graph":[{"@type":"WebPage","@id":"https:\/\/www.helst.fi\/en\/portfolio\/puukerrostalokortteli-kuninkaantammi-2-2\/","url":"https:\/\/www.helst.fi\/en\/portfolio\/puukerrostalokortteli-kuninkaantammi-2-2\/","name":"Tr\u00e4h\u00f6ghuskvarter Kuninkaantammi - HELST","isPartOf":{"@id":"https:\/\/www.helst.fi\/en\/etusivu\/#website"},"primaryImageOfPage":{"@id":"https:\/\/www.helst.fi\/en\/portfolio\/puukerrostalokortteli-kuninkaantammi-2-2\/#primaryimage"},"image":{"@id":"https:\/\/www.helst.fi\/en\/portfolio\/puukerrostalokortteli-kuninkaantammi-2-2\/#primaryimage"},"thumbnailUrl":"https:\/\/www.helst.fi\/en\/wp-content\/uploads\/2020\/03\/Syksy-kansi.gif","datePublished":"2025-09-12T13:44:29+00:00","dateModified":"2025-09-12T13:45:33+00:00","breadcrumb":{"@id":"https:\/\/www.helst.fi\/en\/portfolio\/puukerrostalokortteli-kuninkaantammi-2-2\/#breadcrumb"},"inLanguage":"en","potentialAction":[{"@type":"ReadAction","target":["https:\/\/www.helst.fi\/en\/portfolio\/puukerrostalokortteli-kuninkaantammi-2-2\/"]}]},{"@type":"ImageObject","inLanguage":"en","@id":"https:\/\/www.helst.fi\/en\/portfolio\/puukerrostalokortteli-kuninkaantammi-2-2\/#primaryimage","url":"https:\/\/www.helst.fi\/en\/wp-content\/uploads\/2020\/03\/Syksy-kansi.gif","contentUrl":"https:\/\/www.helst.fi\/en\/wp-content\/uploads\/2020\/03\/Syksy-kansi.gif","width":1170,"height":1170},{"@type":"BreadcrumbList","@id":"https:\/\/www.helst.fi\/en\/portfolio\/puukerrostalokortteli-kuninkaantammi-2-2\/#breadcrumb","itemListElement":[{"@type":"ListItem","position":1,"name":"Home","item":"https:\/\/www.helst.fi\/en\/"},{"@type":"ListItem","position":2,"name":"Portfolio","item":"https:\/\/www.helst.fi\/en\/portfolio\/"},{"@type":"ListItem","position":3,"name":"Tr\u00e4h\u00f6ghuskvarter Kuninkaantammi"}]},{"@type":"WebSite","@id":"https:\/\/www.helst.fi\/en\/etusivu\/#website","url":"https:\/\/www.helst.fi\/en\/etusivu\/","name":"HELST","description":"Arkkitehdit","publisher":{"@id":"https:\/\/www.helst.fi\/en\/etusivu\/#organization"},"potentialAction":[{"@type":"SearchAction","target":{"@type":"EntryPoint","urlTemplate":"https:\/\/www.helst.fi\/en\/etusivu\/?s={search_term_string}"},"query-input":{"@type":"PropertyValueSpecification","valueRequired":true,"valueName":"search_term_string"}}],"inLanguage":"en"},{"@type":"Organization","@id":"https:\/\/www.helst.fi\/en\/etusivu\/#organization","name":"HELST","url":"https:\/\/www.helst.fi\/en\/etusivu\/","logo":{"@type":"ImageObject","inLanguage":"en","@id":"https:\/\/www.helst.fi\/en\/etusivu\/#\/schema\/logo\/image\/","url":"https:\/\/www.helst.fi\/en\/wp-content\/uploads\/2024\/11\/HELST_logo_rasterikartta-scaled.jpg","contentUrl":"https:\/\/www.helst.fi\/en\/wp-content\/uploads\/2024\/11\/HELST_logo_rasterikartta-scaled.jpg","width":2560,"height":1067,"caption":"HELST"},"image":{"@id":"https:\/\/www.helst.fi\/en\/etusivu\/#\/schema\/logo\/image\/"},"sameAs":["https:\/\/www.facebook.com\/helst.architects","https:\/\/www.instagram.com\/helst_architects\/"]}]}},"lang":"sv","translations":{"en":9529,"fi":5968,"sv":9531},"pll_sync_post":[],"_links":{"self":[{"href":"https:\/\/www.helst.fi\/en\/wp-json\/wp\/v2\/portfolio\/9531","targetHints":{"allow":["GET"]}}],"collection":[{"href":"https:\/\/www.helst.fi\/en\/wp-json\/wp\/v2\/portfolio"}],"about":[{"href":"https:\/\/www.helst.fi\/en\/wp-json\/wp\/v2\/types\/portfolio"}],"author":[{"embeddable":true,"href":"https:\/\/www.helst.fi\/en\/wp-json\/wp\/v2\/users\/1"}],"replies":[{"embeddable":true,"href":"https:\/\/www.helst.fi\/en\/wp-json\/wp\/v2\/comments?post=9531"}],"version-history":[{"count":2,"href":"https:\/\/www.helst.fi\/en\/wp-json\/wp\/v2\/portfolio\/9531\/revisions"}],"predecessor-version":[{"id":9533,"href":"https:\/\/www.helst.fi\/en\/wp-json\/wp\/v2\/portfolio\/9531\/revisions\/9533"}],"wp:featuredmedia":[{"embeddable":true,"href":"https:\/\/www.helst.fi\/en\/wp-json\/wp\/v2\/media\/5981"}],"wp:attachment":[{"href":"https:\/\/www.helst.fi\/en\/wp-json\/wp\/v2\/media?parent=9531"}],"wp:term":[{"taxonomy":"portfolio_category","embeddable":true,"href":"https:\/\/www.helst.fi\/en\/wp-json\/wp\/v2\/portfolio_category?post=9531"},{"taxonomy":"portfolio_tag","embeddable":true,"href":"https:\/\/www.helst.fi\/en\/wp-json\/wp\/v2\/portfolio_tag?post=9531"}],"curies":[{"name":"wp","href":"https:\/\/api.w.org\/{rel}","templated":true}]}}