{"id":9720,"date":"2025-11-21T15:14:58","date_gmt":"2025-11-21T15:14:58","guid":{"rendered":"https:\/\/www.helst.fi\/en\/?post_type=portfolio&#038;p=9720"},"modified":"2025-11-21T15:15:38","modified_gmt":"2025-11-21T15:15:38","slug":"villa-vano-2","status":"publish","type":"portfolio","link":"https:\/\/www.helst.fi\/en\/portfolio\/villa-vano-2\/","title":{"rendered":"Villa V\u00e4n\u00f6"},"content":{"rendered":"<div class=\"wpb-content-wrapper\"><p>[vc_row][vc_column][vc_column_text css=&#8221;&#8221;]<strong>Ett sommarhus i Finlands yttersta sk\u00e4rg\u00e5rd<\/strong><\/p>\n<p>Detta sk\u00e4rg\u00e5rdshus ligger p\u00e5 en av de yttersta \u00f6arna i den finska sk\u00e4rg\u00e5rden, strax utanf\u00f6r V\u00e4n\u00f6\u2014en utsatt och vackert karg milj\u00f6 som formats av vind, salt och hav. Eftersom \u00f6n saknar el, vatten och avlopp kr\u00e4vde projektet en helt sj\u00e4lvf\u00f6rs\u00f6rjande teknisk l\u00f6sning. Solpaneler, borrbrunn och ett minireningsverk skapar tillsammans en oberoende och h\u00e5llbar boendemilj\u00f6 l\u00e5ngt fr\u00e5n fastlandet.<\/p>\n<p>Huset \u00e4r byggt i massiv CLT, valt inte bara f\u00f6r sin varma arkitektoniska karakt\u00e4r utan ocks\u00e5 f\u00f6r sin h\u00e5llbarhet. Fasaden \u00e4r kl\u00e4dd i v\u00e4rmebehandlat tr\u00e4\u2014ett material som klarar \u00f6ns h\u00e5rda klimat med starka vindar, skiftande temperaturer och fukt.<\/p>\n<p>Alla byggnader p\u00e5 tomten \u00e4r noggrant placerade efter naturens f\u00f6ruts\u00e4ttningar. \u00d6n domineras av granitformationer, och planl\u00f6sningen f\u00f6ljer dessa former f\u00f6r att minimera p\u00e5verkan p\u00e5 landskapet. Orienteringen skapar skyddade uteplatser, f\u00e5ngar l\u00e5nga soltimmar och\u2014framf\u00f6r allt\u2014ramar in utsikten \u00f6ver det \u00f6ppna havet.<\/p>\n<p>Efter flera platsbes\u00f6k och en rad skisser arbetade vi n\u00e4ra kunden f\u00f6r att hitta de optimala byggplatserna: omr\u00e5den med b\u00e4st ljus, mest l\u00e4 och minst p\u00e5verkan p\u00e5 den or\u00f6rda naturen.<br \/>\nResultatet \u00e4r ett hem som \u00e4r djupt f\u00f6rankrat i sin omgivning\u2014en stillsam, t\u00e5lig tillflyktsplats vid sk\u00e4rg\u00e5rdens yttersta kant.[\/vc_column_text][\/vc_column][\/vc_row]<\/p>\n<\/div>","protected":false},"excerpt":{"rendered":"<p>[vc_row][vc_column][vc_column_text css=&#8221;&#8221;]Ett sommarhus i Finlands yttersta sk\u00e4rg\u00e5rd Detta sk\u00e4rg\u00e5rdshus ligger p\u00e5 en av de yttersta \u00f6arna i den finska sk\u00e4rg\u00e5rden, strax utanf\u00f6r V\u00e4n\u00f6\u2014en utsatt och vackert karg milj\u00f6 som formats av vind, salt och hav. Eftersom \u00f6n saknar el, vatten och avlopp kr\u00e4vde projektet en helt sj\u00e4lvf\u00f6rs\u00f6rjande teknisk l\u00f6sning. Solpaneler, borrbrunn och ett minireningsverk skapar&hellip;<\/p>\n","protected":false},"author":1,"featured_media":9726,"comment_status":"open","ping_status":"closed","template":"","meta":{"_acf_changed":false,"footnotes":""},"portfolio_category":[370],"portfolio_tag":[],"class_list":["post-9720","portfolio","type-portfolio","status-publish","has-post-thumbnail","hentry","portfolio_category-villor"],"acf":[],"yoast_head":"<!-- This site is optimized with the Yoast SEO plugin v27.4 - https:\/\/yoast.com\/product\/yoast-seo-wordpress\/ -->\n<title>Villa V\u00e4n\u00f6 - HELST<\/title>\n<meta name=\"description\" content=\"Ett sommarhus p\u00e5 en av Finlands yttersta \u00f6ar, byggt i massiv CLT och v\u00e4rmebehandlat tr\u00e4 h\u00e5llbar design i harmoni med naturen.\" \/>\n<meta name=\"robots\" content=\"index, follow, max-snippet:-1, max-image-preview:large, max-video-preview:-1\" \/>\n<link rel=\"canonical\" href=\"https:\/\/www.helst.fi\/en\/portfolio\/villa-vano-2\/\" \/>\n<meta property=\"og:locale\" content=\"en_US\" \/>\n<meta property=\"og:type\" content=\"article\" \/>\n<meta property=\"og:title\" content=\"Villa V\u00e4n\u00f6 - HELST\" \/>\n<meta property=\"og:description\" content=\"Ett sommarhus p\u00e5 en av Finlands yttersta \u00f6ar, byggt i massiv CLT och v\u00e4rmebehandlat tr\u00e4 h\u00e5llbar design i harmoni med naturen.\" \/>\n<meta property=\"og:url\" content=\"https:\/\/www.helst.fi\/en\/portfolio\/villa-vano-2\/\" \/>\n<meta property=\"og:site_name\" content=\"HELST\" \/>\n<meta property=\"article:publisher\" content=\"https:\/\/www.facebook.com\/helst.architects\" \/>\n<meta property=\"article:modified_time\" content=\"2025-11-21T15:15:38+00:00\" \/>\n<meta property=\"og:image\" content=\"https:\/\/www.helst.fi\/en\/wp-content\/uploads\/2025\/11\/Summer_House_Vano-1024x1024.gif\" \/>\n\t<meta property=\"og:image:width\" content=\"1024\" \/>\n\t<meta property=\"og:image:height\" content=\"1024\" \/>\n\t<meta property=\"og:image:type\" content=\"image\/gif\" \/>\n<meta name=\"twitter:card\" content=\"summary_large_image\" \/>\n<meta name=\"twitter:label1\" content=\"Est. reading time\" \/>\n\t<meta name=\"twitter:data1\" content=\"2 minutes\" \/>\n<script type=\"application\/ld+json\" class=\"yoast-schema-graph\">{\"@context\":\"https:\\\/\\\/schema.org\",\"@graph\":[{\"@type\":\"WebPage\",\"@id\":\"https:\\\/\\\/www.helst.fi\\\/en\\\/portfolio\\\/villa-vano-2\\\/\",\"url\":\"https:\\\/\\\/www.helst.fi\\\/en\\\/portfolio\\\/villa-vano-2\\\/\",\"name\":\"Villa V\u00e4n\u00f6 - HELST\",\"isPartOf\":{\"@id\":\"https:\\\/\\\/www.helst.fi\\\/en\\\/etusivu\\\/#website\"},\"primaryImageOfPage\":{\"@id\":\"https:\\\/\\\/www.helst.fi\\\/en\\\/portfolio\\\/villa-vano-2\\\/#primaryimage\"},\"image\":{\"@id\":\"https:\\\/\\\/www.helst.fi\\\/en\\\/portfolio\\\/villa-vano-2\\\/#primaryimage\"},\"thumbnailUrl\":\"https:\\\/\\\/www.helst.fi\\\/en\\\/wp-content\\\/uploads\\\/2025\\\/11\\\/Summer_House_Vano.gif\",\"datePublished\":\"2025-11-21T15:14:58+00:00\",\"dateModified\":\"2025-11-21T15:15:38+00:00\",\"description\":\"Ett sommarhus p\u00e5 en av Finlands yttersta \u00f6ar, byggt i massiv CLT och v\u00e4rmebehandlat tr\u00e4 h\u00e5llbar design i harmoni med naturen.\",\"breadcrumb\":{\"@id\":\"https:\\\/\\\/www.helst.fi\\\/en\\\/portfolio\\\/villa-vano-2\\\/#breadcrumb\"},\"inLanguage\":\"en\",\"potentialAction\":[{\"@type\":\"ReadAction\",\"target\":[\"https:\\\/\\\/www.helst.fi\\\/en\\\/portfolio\\\/villa-vano-2\\\/\"]}]},{\"@type\":\"ImageObject\",\"inLanguage\":\"en\",\"@id\":\"https:\\\/\\\/www.helst.fi\\\/en\\\/portfolio\\\/villa-vano-2\\\/#primaryimage\",\"url\":\"https:\\\/\\\/www.helst.fi\\\/en\\\/wp-content\\\/uploads\\\/2025\\\/11\\\/Summer_House_Vano.gif\",\"contentUrl\":\"https:\\\/\\\/www.helst.fi\\\/en\\\/wp-content\\\/uploads\\\/2025\\\/11\\\/Summer_House_Vano.gif\",\"width\":2000,\"height\":2000},{\"@type\":\"BreadcrumbList\",\"@id\":\"https:\\\/\\\/www.helst.fi\\\/en\\\/portfolio\\\/villa-vano-2\\\/#breadcrumb\",\"itemListElement\":[{\"@type\":\"ListItem\",\"position\":1,\"name\":\"Home\",\"item\":\"https:\\\/\\\/www.helst.fi\\\/en\\\/\"},{\"@type\":\"ListItem\",\"position\":2,\"name\":\"Portfolio\",\"item\":\"https:\\\/\\\/www.helst.fi\\\/en\\\/portfolio\\\/\"},{\"@type\":\"ListItem\",\"position\":3,\"name\":\"Villa V\u00e4n\u00f6\"}]},{\"@type\":\"WebSite\",\"@id\":\"https:\\\/\\\/www.helst.fi\\\/en\\\/etusivu\\\/#website\",\"url\":\"https:\\\/\\\/www.helst.fi\\\/en\\\/etusivu\\\/\",\"name\":\"HELST\",\"description\":\"Arkkitehdit\",\"publisher\":{\"@id\":\"https:\\\/\\\/www.helst.fi\\\/en\\\/etusivu\\\/#organization\"},\"potentialAction\":[{\"@type\":\"SearchAction\",\"target\":{\"@type\":\"EntryPoint\",\"urlTemplate\":\"https:\\\/\\\/www.helst.fi\\\/en\\\/etusivu\\\/?s={search_term_string}\"},\"query-input\":{\"@type\":\"PropertyValueSpecification\",\"valueRequired\":true,\"valueName\":\"search_term_string\"}}],\"inLanguage\":\"en\"},{\"@type\":\"Organization\",\"@id\":\"https:\\\/\\\/www.helst.fi\\\/en\\\/etusivu\\\/#organization\",\"name\":\"HELST\",\"url\":\"https:\\\/\\\/www.helst.fi\\\/en\\\/etusivu\\\/\",\"logo\":{\"@type\":\"ImageObject\",\"inLanguage\":\"en\",\"@id\":\"https:\\\/\\\/www.helst.fi\\\/en\\\/etusivu\\\/#\\\/schema\\\/logo\\\/image\\\/\",\"url\":\"https:\\\/\\\/www.helst.fi\\\/en\\\/wp-content\\\/uploads\\\/2024\\\/11\\\/HELST_logo_rasterikartta-scaled.jpg\",\"contentUrl\":\"https:\\\/\\\/www.helst.fi\\\/en\\\/wp-content\\\/uploads\\\/2024\\\/11\\\/HELST_logo_rasterikartta-scaled.jpg\",\"width\":2560,\"height\":1067,\"caption\":\"HELST\"},\"image\":{\"@id\":\"https:\\\/\\\/www.helst.fi\\\/en\\\/etusivu\\\/#\\\/schema\\\/logo\\\/image\\\/\"},\"sameAs\":[\"https:\\\/\\\/www.facebook.com\\\/helst.architects\",\"https:\\\/\\\/www.instagram.com\\\/helst_architects\\\/\"]}]}<\/script>\n<!-- \/ Yoast SEO plugin. -->","yoast_head_json":{"title":"Villa V\u00e4n\u00f6 - HELST","description":"Ett sommarhus p\u00e5 en av Finlands yttersta \u00f6ar, byggt i massiv CLT och v\u00e4rmebehandlat tr\u00e4 h\u00e5llbar design i harmoni med naturen.","robots":{"index":"index","follow":"follow","max-snippet":"max-snippet:-1","max-image-preview":"max-image-preview:large","max-video-preview":"max-video-preview:-1"},"canonical":"https:\/\/www.helst.fi\/en\/portfolio\/villa-vano-2\/","og_locale":"en_US","og_type":"article","og_title":"Villa V\u00e4n\u00f6 - HELST","og_description":"Ett sommarhus p\u00e5 en av Finlands yttersta \u00f6ar, byggt i massiv CLT och v\u00e4rmebehandlat tr\u00e4 h\u00e5llbar design i harmoni med naturen.","og_url":"https:\/\/www.helst.fi\/en\/portfolio\/villa-vano-2\/","og_site_name":"HELST","article_publisher":"https:\/\/www.facebook.com\/helst.architects","article_modified_time":"2025-11-21T15:15:38+00:00","og_image":[{"width":1024,"height":1024,"url":"https:\/\/www.helst.fi\/en\/wp-content\/uploads\/2025\/11\/Summer_House_Vano-1024x1024.gif","type":"image\/gif"}],"twitter_card":"summary_large_image","twitter_misc":{"Est. reading time":"2 minutes"},"schema":{"@context":"https:\/\/schema.org","@graph":[{"@type":"WebPage","@id":"https:\/\/www.helst.fi\/en\/portfolio\/villa-vano-2\/","url":"https:\/\/www.helst.fi\/en\/portfolio\/villa-vano-2\/","name":"Villa V\u00e4n\u00f6 - HELST","isPartOf":{"@id":"https:\/\/www.helst.fi\/en\/etusivu\/#website"},"primaryImageOfPage":{"@id":"https:\/\/www.helst.fi\/en\/portfolio\/villa-vano-2\/#primaryimage"},"image":{"@id":"https:\/\/www.helst.fi\/en\/portfolio\/villa-vano-2\/#primaryimage"},"thumbnailUrl":"https:\/\/www.helst.fi\/en\/wp-content\/uploads\/2025\/11\/Summer_House_Vano.gif","datePublished":"2025-11-21T15:14:58+00:00","dateModified":"2025-11-21T15:15:38+00:00","description":"Ett sommarhus p\u00e5 en av Finlands yttersta \u00f6ar, byggt i massiv CLT och v\u00e4rmebehandlat tr\u00e4 h\u00e5llbar design i harmoni med naturen.","breadcrumb":{"@id":"https:\/\/www.helst.fi\/en\/portfolio\/villa-vano-2\/#breadcrumb"},"inLanguage":"en","potentialAction":[{"@type":"ReadAction","target":["https:\/\/www.helst.fi\/en\/portfolio\/villa-vano-2\/"]}]},{"@type":"ImageObject","inLanguage":"en","@id":"https:\/\/www.helst.fi\/en\/portfolio\/villa-vano-2\/#primaryimage","url":"https:\/\/www.helst.fi\/en\/wp-content\/uploads\/2025\/11\/Summer_House_Vano.gif","contentUrl":"https:\/\/www.helst.fi\/en\/wp-content\/uploads\/2025\/11\/Summer_House_Vano.gif","width":2000,"height":2000},{"@type":"BreadcrumbList","@id":"https:\/\/www.helst.fi\/en\/portfolio\/villa-vano-2\/#breadcrumb","itemListElement":[{"@type":"ListItem","position":1,"name":"Home","item":"https:\/\/www.helst.fi\/en\/"},{"@type":"ListItem","position":2,"name":"Portfolio","item":"https:\/\/www.helst.fi\/en\/portfolio\/"},{"@type":"ListItem","position":3,"name":"Villa V\u00e4n\u00f6"}]},{"@type":"WebSite","@id":"https:\/\/www.helst.fi\/en\/etusivu\/#website","url":"https:\/\/www.helst.fi\/en\/etusivu\/","name":"HELST","description":"Arkkitehdit","publisher":{"@id":"https:\/\/www.helst.fi\/en\/etusivu\/#organization"},"potentialAction":[{"@type":"SearchAction","target":{"@type":"EntryPoint","urlTemplate":"https:\/\/www.helst.fi\/en\/etusivu\/?s={search_term_string}"},"query-input":{"@type":"PropertyValueSpecification","valueRequired":true,"valueName":"search_term_string"}}],"inLanguage":"en"},{"@type":"Organization","@id":"https:\/\/www.helst.fi\/en\/etusivu\/#organization","name":"HELST","url":"https:\/\/www.helst.fi\/en\/etusivu\/","logo":{"@type":"ImageObject","inLanguage":"en","@id":"https:\/\/www.helst.fi\/en\/etusivu\/#\/schema\/logo\/image\/","url":"https:\/\/www.helst.fi\/en\/wp-content\/uploads\/2024\/11\/HELST_logo_rasterikartta-scaled.jpg","contentUrl":"https:\/\/www.helst.fi\/en\/wp-content\/uploads\/2024\/11\/HELST_logo_rasterikartta-scaled.jpg","width":2560,"height":1067,"caption":"HELST"},"image":{"@id":"https:\/\/www.helst.fi\/en\/etusivu\/#\/schema\/logo\/image\/"},"sameAs":["https:\/\/www.facebook.com\/helst.architects","https:\/\/www.instagram.com\/helst_architects\/"]}]}},"lang":"sv","translations":{"sv":9720,"en":9710,"fi":9729},"pll_sync_post":[],"_links":{"self":[{"href":"https:\/\/www.helst.fi\/en\/wp-json\/wp\/v2\/portfolio\/9720","targetHints":{"allow":["GET"]}}],"collection":[{"href":"https:\/\/www.helst.fi\/en\/wp-json\/wp\/v2\/portfolio"}],"about":[{"href":"https:\/\/www.helst.fi\/en\/wp-json\/wp\/v2\/types\/portfolio"}],"author":[{"embeddable":true,"href":"https:\/\/www.helst.fi\/en\/wp-json\/wp\/v2\/users\/1"}],"replies":[{"embeddable":true,"href":"https:\/\/www.helst.fi\/en\/wp-json\/wp\/v2\/comments?post=9720"}],"version-history":[{"count":2,"href":"https:\/\/www.helst.fi\/en\/wp-json\/wp\/v2\/portfolio\/9720\/revisions"}],"predecessor-version":[{"id":9728,"href":"https:\/\/www.helst.fi\/en\/wp-json\/wp\/v2\/portfolio\/9720\/revisions\/9728"}],"wp:featuredmedia":[{"embeddable":true,"href":"https:\/\/www.helst.fi\/en\/wp-json\/wp\/v2\/media\/9726"}],"wp:attachment":[{"href":"https:\/\/www.helst.fi\/en\/wp-json\/wp\/v2\/media?parent=9720"}],"wp:term":[{"taxonomy":"portfolio_category","embeddable":true,"href":"https:\/\/www.helst.fi\/en\/wp-json\/wp\/v2\/portfolio_category?post=9720"},{"taxonomy":"portfolio_tag","embeddable":true,"href":"https:\/\/www.helst.fi\/en\/wp-json\/wp\/v2\/portfolio_tag?post=9720"}],"curies":[{"name":"wp","href":"https:\/\/api.w.org\/{rel}","templated":true}]}}